{"id":4118,"date":"2017-06-06T11:03:00","date_gmt":"2017-06-06T09:03:00","guid":{"rendered":"https:\/\/medreact.org\/?post_type=comunicati_stampa&#038;p=4118"},"modified":"2023-01-02T15:39:09","modified_gmt":"2023-01-02T14:39:09","slug":"en-el-dia-mundial-de-los-oceanos-mare-nostrum-o-mare-mortum-y-el-por-que-europa-apoya-la-destruccion-del-mediterraneo","status":"publish","type":"comunicati_stampa","link":"https:\/\/medreact.org\/en\/press_releases\/en-el-dia-mundial-de-los-oceanos-mare-nostrum-o-mare-mortum-y-el-por-que-europa-apoya-la-destruccion-del-mediterraneo\/","title":{"rendered":"EN EL D\u00cdA MUNDIAL DE LOS OC\u00c9ANOS \u00bfMARE NOSTRUM O MARE MORTUM?"},"content":{"rendered":"\n<p><em>Especies de gran tama\u00f1o en peligro de extinci\u00f3n, 39 poblaciones de peces sobreexplotadas, la captura de merluza es 5 veces superior a los niveles sostenibles, altos niveles de descartes y capturas accidentales, desertificaci\u00f3n del lecho marino y altos costes energ\u00e9ticos. Todo esto como consecuencia de las pesquer\u00edas industriales, unas flotas que reciben la mayor parte de los subsidios de pesca de la Uni\u00f3n Europea.<\/em><\/p>\n\n\n\n<figure class=\"wp-block-image is-resized\"><img loading=\"lazy\" decoding=\"async\" src=\"https:\/\/medreact.org\/wp-content\/uploads\/2017\/06\/3-descartes-by-8.jpg\" alt=\"3 Descartes by 8\" class=\"wp-image-1383\" width=\"840\" height=\"479\"\/><\/figure>\n\n\n\n<p><strong>8 de junio <\/strong>\u2013 Hoy, mientras el mundo celebra el D\u00eda de los Oc\u00e9anos, la coalici\u00f3n <strong><a href=\"https:\/\/medreact.org\/\">MedReAct<\/a><\/strong> aprovecha para dar un toque de atenci\u00f3n a la Uni\u00f3n Europea (UE) sobre el impacto destructivo de la flota de arrastre en el Mediterr\u00e1neo y sobre la paradoja en el seno del sistema pesquero de la UE: \u201c\u00bfPor qu\u00e9 las subvenciones se otorgan en gran medida a quienes son los mayores responsables de la destrucci\u00f3n de los ecosistemas marinos y el agotamiento de especies vulnerables? \u00bfNo ser\u00eda hora de cambiar de rumbo?\u201d<\/p>\n\n\n\n<p>Un nuevo estudio publicado en <em>Nature Ecology &amp; Evolution<\/em> confirma el riesgo de extinci\u00f3n en Europa de varias especies de peces de gran tama\u00f1o, as\u00ed como de tiburones y rayas, debido a su lenta maduraci\u00f3n, a su baja natalidad y a la sobrepesca por parte de pescadores profesionales y deportivos<a href=\"#_edn1\" name=\"_ednref1\">[i]<\/a>. El mismo estudio revela que el porcentaje de poblaciones de peces sobreexplotadas en el Mediterr\u00e1neo es significativamente m\u00e1s alto que en el Atl\u00e1ntico Nororiental. Los investigadores confirmaron que en el Mediterr\u00e1neo los 39 stocks evaluados resultaron estar sobreexplotados, con la merluza liderando esta clasificaci\u00f3n por tener niveles de captura 5 veces superiores a los l\u00edmites sostenibles. La merluza es la especie demersal de mayor valor comercial, pescada principalmente por los arrastreros de fondo y, en menor medida, por los palangreros.<\/p>\n\n\n\n<p>Pero el impacto de la pesca de arrastre de fondo, la pr\u00e1ctica pesquera industrial m\u00e1s extendida en el Mediterr\u00e1neo, no se limita al agotamiento de la merluza. En los \u00faltimos 30 a\u00f1os este sector de la industria ha crecido exponencialmente y, debido a la disminuci\u00f3n de los recursos marinos, su esfuerzo pesquero se ha ido desplazado cada vez m\u00e1s a aguas de mayor profundidad, en la b\u00fasqueda de nuevas poblaciones valiosas, como la gamba blanca o de altura, creando cambios irreversibles en los fondos marinos. En otros casos ha invadido zonas costeras prohibidas, entrando en conflicto con la pesca artesanal.<\/p>\n\n\n\n<p><strong>Se calcula que en el a\u00f1o 2014, s\u00f3lo en aguas italianas, la flota de arrate de fondo fue responsable de la captura accidental de unas 20.000 tortugas marinas, la mayor\u00eda de las cuales murieron por asfixia o lesi\u00f3n<\/strong><a href=\"#_edn2\" name=\"_ednref2\">[ii]<\/a>. As\u00ed es, las redes que se arrastran por el fondo marino recogen todo lo que encuentran por su paso, ya sean especies objetivo o no: peces, corales, esponjas y otras especies que habitan en el fondo. Adem\u00e1s, se considera que <strong>en el Mediterr\u00e1neo se descarta hasta el 18% del total de las capturas (es decir, se rechazan anualmente alrededor de unas 230.000 toneladas de pescado), siendo las flotas de arrastre las responsables del 15 al 65% de los descartes generados<\/strong><a href=\"#_edn3\" name=\"_ednref3\">[iii]<\/a>. Pero los impactos no acaban aqu\u00ed. Se ha comprobado que los sedimentos que est\u00e1n continuamente expuestos a esta pr\u00e1ctica carecen de la materia org\u00e1nica, otro grave impacto puesto que esta materia org\u00e1nica constituye una fuente de alimento para los organismos bent\u00f3nicos, arriesgando as\u00ed convertir estos fondos en desiertos marinos.<\/p>\n\n\n\n<p>La pesca de arrastre es una modalidad de pesca destructiva que est\u00e1 empobreciendo nuestro mar y que tambi\u00e9n conlleva un elevado consumo de combustible. El Informe Econ\u00f3mico Anual de la Flota publicado por la Uni\u00f3n Europea revela que por cada tonelada de pescado capturado, <strong>los arrastreros de fondo de 24-40 metros de eslora consumen hasta 4.258 litros de combustible. Mientras que un buque de cerco del mismo tama\u00f1o consume 169 litros por tonelada de pescado<\/strong><a href=\"#_edn4\" name=\"_ednref4\">[iv]<\/a>. Sin embargo, adem\u00e1s de ser altamente contaminantes estos mismos buques de arrastre son los que m\u00e1s se benefician de los subsidios pesqueros de la UE, ya sea mediante exenciones de impuestos al gasoil, fondos p\u00fablicos para la modernizaci\u00f3n de los buques o para compensar a los pescadores durante las paradas temporales de la actividad pesquera.<\/p>\n\n\n\n<p><strong>Para celebrar el D\u00eda Mundial de los Oc\u00e9anos y con el objetivo de que el Mare Nostrum no se convierta en Mare Mortum, la UE deber\u00eda reconsiderar el uso que hace del dinero de los contribuyentes europeos y parar de financiar la destrucci\u00f3n del Mediterr\u00e1neo.<\/strong><\/p>\n\n\n\n<p><em>-<\/em><\/p>\n\n\n\n<p><a href=\"#_ednref1\" name=\"_edn1\">[i]<\/a> Fernandes, P. G. et al. Coherent assessments of Europe\u2019s marine fishes show regional divergence and megafauna loss. Nat. Ecol. Evol. 1, 0170 (2017).<\/p>\n\n\n\n<p><a href=\"#_ednref2\" name=\"_edn2\">[ii]<\/a> Lucchetti, A., Vasapollo, C., &amp; Virgili, M. An interview-based approach to assess sea turtle bycatch in Italian waters. PeerJ, 5, e3151 (2017).<\/p>\n\n\n\n<p><a href=\"#_ednref3\" name=\"_edn3\">[iii]<\/a> Soriano-Redondo, A. et al. Relative abundance and distribution of fisheries influence risk of seabird bycatch. Scientific Reports 6,&nbsp;37373 (2016).<\/p>\n\n\n\n<p><a name=\"_edn4\" href=\"#_ednref4\">[iv]<\/a> Scientific, Technical and Economic Committee for Fisheries \u2013 The 2016 Annual Economic Report on the EU Fishing Fleet (STECF-16-11) (2016).<\/p>\n","protected":false},"featured_media":5086,"template":"","categories":[40],"tags":[39],"class_list":["post-4118","comunicati_stampa","type-comunicati_stampa","status-publish","has-post-thumbnail","hentry","category-fishing","tag-in-evidenza-en"],"acf":[],"yoast_head":"<!-- This site is optimized with the Yoast SEO plugin v26.9 - https:\/\/yoast.com\/product\/yoast-seo-wordpress\/ -->\n<title>EN EL D\u00cdA MUNDIAL DE LOS OC\u00c9ANOS \u00bfMARE NOSTRUM O MARE MORTUM? | MedReAct<\/title>\n<meta name=\"robots\" content=\"index, follow, max-snippet:-1, max-image-preview:large, max-video-preview:-1\" \/>\n<link rel=\"canonical\" href=\"https:\/\/medreact.org\/en\/press_releases\/en-el-dia-mundial-de-los-oceanos-mare-nostrum-o-mare-mortum-y-el-por-que-europa-apoya-la-destruccion-del-mediterraneo\/\" \/>\n<meta property=\"og:locale\" content=\"en_US\" \/>\n<meta property=\"og:type\" content=\"article\" \/>\n<meta property=\"og:title\" content=\"EN EL D\u00cdA MUNDIAL DE LOS OC\u00c9ANOS \u00bfMARE NOSTRUM O MARE MORTUM? | MedReAct\" \/>\n<meta property=\"og:description\" content=\"Especies de gran tama\u00f1o en peligro de extinci\u00f3n, 39 poblaciones de peces sobreexplotadas, la captura de merluza es 5 veces superior a los niveles sostenibles, altos niveles de descartes y capturas accidentales, desertificaci\u00f3n del lecho marino y altos costes energ\u00e9ticos. Todo esto como consecuencia de las pesquer\u00edas industriales, unas flotas que reciben la mayor parte [&hellip;]\" \/>\n<meta property=\"og:url\" content=\"https:\/\/medreact.org\/en\/press_releases\/en-el-dia-mundial-de-los-oceanos-mare-nostrum-o-mare-mortum-y-el-por-que-europa-apoya-la-destruccion-del-mediterraneo\/\" \/>\n<meta property=\"og:site_name\" content=\"MedReAct\" \/>\n<meta property=\"article:modified_time\" content=\"2023-01-02T14:39:09+00:00\" \/>\n<meta property=\"og:image\" content=\"https:\/\/medreact.org\/wp-content\/uploads\/MedReAct_oversfishing.jpg\" \/>\n\t<meta property=\"og:image:width\" content=\"1237\" \/>\n\t<meta property=\"og:image:height\" content=\"709\" \/>\n\t<meta property=\"og:image:type\" content=\"image\/jpeg\" \/>\n<meta name=\"twitter:card\" content=\"summary_large_image\" \/>\n<meta name=\"twitter:label1\" content=\"Est. reading time\" \/>\n\t<meta name=\"twitter:data1\" content=\"5 minutes\" \/>\n<script type=\"application\/ld+json\" class=\"yoast-schema-graph\">{\"@context\":\"https:\/\/schema.org\",\"@graph\":[{\"@type\":\"WebPage\",\"@id\":\"https:\/\/medreact.org\/en\/press_releases\/en-el-dia-mundial-de-los-oceanos-mare-nostrum-o-mare-mortum-y-el-por-que-europa-apoya-la-destruccion-del-mediterraneo\/\",\"url\":\"https:\/\/medreact.org\/en\/press_releases\/en-el-dia-mundial-de-los-oceanos-mare-nostrum-o-mare-mortum-y-el-por-que-europa-apoya-la-destruccion-del-mediterraneo\/\",\"name\":\"EN EL D\u00cdA MUNDIAL DE LOS OC\u00c9ANOS \u00bfMARE NOSTRUM O MARE MORTUM? | MedReAct\",\"isPartOf\":{\"@id\":\"https:\/\/medreact.org\/#website\"},\"primaryImageOfPage\":{\"@id\":\"https:\/\/medreact.org\/en\/press_releases\/en-el-dia-mundial-de-los-oceanos-mare-nostrum-o-mare-mortum-y-el-por-que-europa-apoya-la-destruccion-del-mediterraneo\/#primaryimage\"},\"image\":{\"@id\":\"https:\/\/medreact.org\/en\/press_releases\/en-el-dia-mundial-de-los-oceanos-mare-nostrum-o-mare-mortum-y-el-por-que-europa-apoya-la-destruccion-del-mediterraneo\/#primaryimage\"},\"thumbnailUrl\":\"https:\/\/medreact.org\/wp-content\/uploads\/MedReAct_oversfishing.jpg\",\"datePublished\":\"2017-06-06T09:03:00+00:00\",\"dateModified\":\"2023-01-02T14:39:09+00:00\",\"breadcrumb\":{\"@id\":\"https:\/\/medreact.org\/en\/press_releases\/en-el-dia-mundial-de-los-oceanos-mare-nostrum-o-mare-mortum-y-el-por-que-europa-apoya-la-destruccion-del-mediterraneo\/#breadcrumb\"},\"inLanguage\":\"en-US\",\"potentialAction\":[{\"@type\":\"ReadAction\",\"target\":[\"https:\/\/medreact.org\/en\/press_releases\/en-el-dia-mundial-de-los-oceanos-mare-nostrum-o-mare-mortum-y-el-por-que-europa-apoya-la-destruccion-del-mediterraneo\/\"]}]},{\"@type\":\"ImageObject\",\"inLanguage\":\"en-US\",\"@id\":\"https:\/\/medreact.org\/en\/press_releases\/en-el-dia-mundial-de-los-oceanos-mare-nostrum-o-mare-mortum-y-el-por-que-europa-apoya-la-destruccion-del-mediterraneo\/#primaryimage\",\"url\":\"https:\/\/medreact.org\/wp-content\/uploads\/MedReAct_oversfishing.jpg\",\"contentUrl\":\"https:\/\/medreact.org\/wp-content\/uploads\/MedReAct_oversfishing.jpg\",\"width\":1237,\"height\":709},{\"@type\":\"BreadcrumbList\",\"@id\":\"https:\/\/medreact.org\/en\/press_releases\/en-el-dia-mundial-de-los-oceanos-mare-nostrum-o-mare-mortum-y-el-por-que-europa-apoya-la-destruccion-del-mediterraneo\/#breadcrumb\",\"itemListElement\":[{\"@type\":\"ListItem\",\"position\":1,\"name\":\"Home\",\"item\":\"https:\/\/medreact.org\/en\/\"},{\"@type\":\"ListItem\",\"position\":2,\"name\":\"EN EL D\u00cdA MUNDIAL DE LOS OC\u00c9ANOS \u00bfMARE NOSTRUM O MARE MORTUM?\"}]},{\"@type\":\"WebSite\",\"@id\":\"https:\/\/medreact.org\/#website\",\"url\":\"https:\/\/medreact.org\/\",\"name\":\"MedReAct\",\"description\":\"Mediterranean Recovery Action\",\"publisher\":{\"@id\":\"https:\/\/medreact.org\/#organization\"},\"potentialAction\":[{\"@type\":\"SearchAction\",\"target\":{\"@type\":\"EntryPoint\",\"urlTemplate\":\"https:\/\/medreact.org\/?s={search_term_string}\"},\"query-input\":{\"@type\":\"PropertyValueSpecification\",\"valueRequired\":true,\"valueName\":\"search_term_string\"}}],\"inLanguage\":\"en-US\"},{\"@type\":\"Organization\",\"@id\":\"https:\/\/medreact.org\/#organization\",\"name\":\"MedReAct\",\"url\":\"https:\/\/medreact.org\/\",\"logo\":{\"@type\":\"ImageObject\",\"inLanguage\":\"en-US\",\"@id\":\"https:\/\/medreact.org\/#\/schema\/logo\/image\/\",\"url\":\"https:\/\/medreact.org\/wp-content\/uploads\/2022\/05\/Logo-colori-PNG.png\",\"contentUrl\":\"https:\/\/medreact.org\/wp-content\/uploads\/2022\/05\/Logo-colori-PNG.png\",\"width\":400,\"height\":291,\"caption\":\"MedReAct\"},\"image\":{\"@id\":\"https:\/\/medreact.org\/#\/schema\/logo\/image\/\"}}]}<\/script>\n<!-- \/ Yoast SEO plugin. -->","yoast_head_json":{"title":"EN EL D\u00cdA MUNDIAL DE LOS OC\u00c9ANOS \u00bfMARE NOSTRUM O MARE MORTUM? | MedReAct","robots":{"index":"index","follow":"follow","max-snippet":"max-snippet:-1","max-image-preview":"max-image-preview:large","max-video-preview":"max-video-preview:-1"},"canonical":"https:\/\/medreact.org\/en\/press_releases\/en-el-dia-mundial-de-los-oceanos-mare-nostrum-o-mare-mortum-y-el-por-que-europa-apoya-la-destruccion-del-mediterraneo\/","og_locale":"en_US","og_type":"article","og_title":"EN EL D\u00cdA MUNDIAL DE LOS OC\u00c9ANOS \u00bfMARE NOSTRUM O MARE MORTUM? | MedReAct","og_description":"Especies de gran tama\u00f1o en peligro de extinci\u00f3n, 39 poblaciones de peces sobreexplotadas, la captura de merluza es 5 veces superior a los niveles sostenibles, altos niveles de descartes y capturas accidentales, desertificaci\u00f3n del lecho marino y altos costes energ\u00e9ticos. Todo esto como consecuencia de las pesquer\u00edas industriales, unas flotas que reciben la mayor parte [&hellip;]","og_url":"https:\/\/medreact.org\/en\/press_releases\/en-el-dia-mundial-de-los-oceanos-mare-nostrum-o-mare-mortum-y-el-por-que-europa-apoya-la-destruccion-del-mediterraneo\/","og_site_name":"MedReAct","article_modified_time":"2023-01-02T14:39:09+00:00","og_image":[{"width":1237,"height":709,"url":"https:\/\/medreact.org\/wp-content\/uploads\/MedReAct_oversfishing.jpg","type":"image\/jpeg"}],"twitter_card":"summary_large_image","twitter_misc":{"Est. reading time":"5 minutes"},"schema":{"@context":"https:\/\/schema.org","@graph":[{"@type":"WebPage","@id":"https:\/\/medreact.org\/en\/press_releases\/en-el-dia-mundial-de-los-oceanos-mare-nostrum-o-mare-mortum-y-el-por-que-europa-apoya-la-destruccion-del-mediterraneo\/","url":"https:\/\/medreact.org\/en\/press_releases\/en-el-dia-mundial-de-los-oceanos-mare-nostrum-o-mare-mortum-y-el-por-que-europa-apoya-la-destruccion-del-mediterraneo\/","name":"EN EL D\u00cdA MUNDIAL DE LOS OC\u00c9ANOS \u00bfMARE NOSTRUM O MARE MORTUM? | MedReAct","isPartOf":{"@id":"https:\/\/medreact.org\/#website"},"primaryImageOfPage":{"@id":"https:\/\/medreact.org\/en\/press_releases\/en-el-dia-mundial-de-los-oceanos-mare-nostrum-o-mare-mortum-y-el-por-que-europa-apoya-la-destruccion-del-mediterraneo\/#primaryimage"},"image":{"@id":"https:\/\/medreact.org\/en\/press_releases\/en-el-dia-mundial-de-los-oceanos-mare-nostrum-o-mare-mortum-y-el-por-que-europa-apoya-la-destruccion-del-mediterraneo\/#primaryimage"},"thumbnailUrl":"https:\/\/medreact.org\/wp-content\/uploads\/MedReAct_oversfishing.jpg","datePublished":"2017-06-06T09:03:00+00:00","dateModified":"2023-01-02T14:39:09+00:00","breadcrumb":{"@id":"https:\/\/medreact.org\/en\/press_releases\/en-el-dia-mundial-de-los-oceanos-mare-nostrum-o-mare-mortum-y-el-por-que-europa-apoya-la-destruccion-del-mediterraneo\/#breadcrumb"},"inLanguage":"en-US","potentialAction":[{"@type":"ReadAction","target":["https:\/\/medreact.org\/en\/press_releases\/en-el-dia-mundial-de-los-oceanos-mare-nostrum-o-mare-mortum-y-el-por-que-europa-apoya-la-destruccion-del-mediterraneo\/"]}]},{"@type":"ImageObject","inLanguage":"en-US","@id":"https:\/\/medreact.org\/en\/press_releases\/en-el-dia-mundial-de-los-oceanos-mare-nostrum-o-mare-mortum-y-el-por-que-europa-apoya-la-destruccion-del-mediterraneo\/#primaryimage","url":"https:\/\/medreact.org\/wp-content\/uploads\/MedReAct_oversfishing.jpg","contentUrl":"https:\/\/medreact.org\/wp-content\/uploads\/MedReAct_oversfishing.jpg","width":1237,"height":709},{"@type":"BreadcrumbList","@id":"https:\/\/medreact.org\/en\/press_releases\/en-el-dia-mundial-de-los-oceanos-mare-nostrum-o-mare-mortum-y-el-por-que-europa-apoya-la-destruccion-del-mediterraneo\/#breadcrumb","itemListElement":[{"@type":"ListItem","position":1,"name":"Home","item":"https:\/\/medreact.org\/en\/"},{"@type":"ListItem","position":2,"name":"EN EL D\u00cdA MUNDIAL DE LOS OC\u00c9ANOS \u00bfMARE NOSTRUM O MARE MORTUM?"}]},{"@type":"WebSite","@id":"https:\/\/medreact.org\/#website","url":"https:\/\/medreact.org\/","name":"MedReAct","description":"Mediterranean Recovery Action","publisher":{"@id":"https:\/\/medreact.org\/#organization"},"potentialAction":[{"@type":"SearchAction","target":{"@type":"EntryPoint","urlTemplate":"https:\/\/medreact.org\/?s={search_term_string}"},"query-input":{"@type":"PropertyValueSpecification","valueRequired":true,"valueName":"search_term_string"}}],"inLanguage":"en-US"},{"@type":"Organization","@id":"https:\/\/medreact.org\/#organization","name":"MedReAct","url":"https:\/\/medreact.org\/","logo":{"@type":"ImageObject","inLanguage":"en-US","@id":"https:\/\/medreact.org\/#\/schema\/logo\/image\/","url":"https:\/\/medreact.org\/wp-content\/uploads\/2022\/05\/Logo-colori-PNG.png","contentUrl":"https:\/\/medreact.org\/wp-content\/uploads\/2022\/05\/Logo-colori-PNG.png","width":400,"height":291,"caption":"MedReAct"},"image":{"@id":"https:\/\/medreact.org\/#\/schema\/logo\/image\/"}}]}},"_links":{"self":[{"href":"https:\/\/medreact.org\/en\/wp-json\/wp\/v2\/comunicati_stampa\/4118","targetHints":{"allow":["GET"]}}],"collection":[{"href":"https:\/\/medreact.org\/en\/wp-json\/wp\/v2\/comunicati_stampa"}],"about":[{"href":"https:\/\/medreact.org\/en\/wp-json\/wp\/v2\/types\/comunicati_stampa"}],"wp:featuredmedia":[{"embeddable":true,"href":"https:\/\/medreact.org\/en\/wp-json\/wp\/v2\/media\/5086"}],"wp:attachment":[{"href":"https:\/\/medreact.org\/en\/wp-json\/wp\/v2\/media?parent=4118"}],"wp:term":[{"taxonomy":"category","embeddable":true,"href":"https:\/\/medreact.org\/en\/wp-json\/wp\/v2\/categories?post=4118"},{"taxonomy":"post_tag","embeddable":true,"href":"https:\/\/medreact.org\/en\/wp-json\/wp\/v2\/tags?post=4118"}],"curies":[{"name":"wp","href":"https:\/\/api.w.org\/{rel}","templated":true}]}}