{"id":4116,"date":"2017-06-07T11:01:00","date_gmt":"2017-06-07T09:01:00","guid":{"rendered":"https:\/\/medreact.org\/?post_type=comunicati_stampa&#038;p=4116"},"modified":"2023-01-02T15:30:06","modified_gmt":"2023-01-02T14:30:06","slug":"journee-mondiale-des-oceans-mare-nostrum-ou-mare-mortum-pourquoi-leurope-ferme-t-elle-les-yeux-sur-la-destruction-de-la-mediterranee","status":"publish","type":"comunicati_stampa","link":"https:\/\/medreact.org\/en\/press_releases\/journee-mondiale-des-oceans-mare-nostrum-ou-mare-mortum-pourquoi-leurope-ferme-t-elle-les-yeux-sur-la-destruction-de-la-mediterranee\/","title":{"rendered":"JOURN\u00c9E MONDIALE DES OC\u00c9ANS: MARE NOSTRUM OU MARE MORTUM ?"},"content":{"rendered":"\n<p><em>Grands pr\u00e9dateurs au bord de l\u2019extinction, stocks majoritairement en \u00e9tat de surexploitation chronique, des captures de merlu 5 fois sup\u00e9rieures aux limites durables, 20 000 tortues dans les filets des chalutiers en 2014, d\u00e9sertification des fonds marins, co\u00fbts \u00e9nerg\u00e9tiques non tenables\u2026 Tel est le paysage que laisse derri\u00e8re elle la p\u00eache industrielle, celle qui b\u00e9n\u00e9ficie le plus des subventions europ\u00e9ennes.<\/em><\/p>\n\n\n\n<figure class=\"wp-block-image\"><img decoding=\"async\" src=\"https:\/\/medreact.org\/wp-content\/uploads\/2017\/06\/3-descartes-by-8.jpg\" alt=\"3 Descartes by 8\" class=\"wp-image-1383\"\/><\/figure>\n\n\n\n<p><strong>7 juin 2017<\/strong>. Alors que la Journ\u00e9e mondiale des oc\u00e9ans sera c\u00e9l\u00e9br\u00e9e demain un peu partout dans le monde, MedReAct interpelle l\u2019Union europ\u00e9enne sur l\u2019impact du chalutage en M\u00e9diterran\u00e9e et souligne le paradoxe qui est au c\u0153ur de la gestion des p\u00eaches&nbsp;: Pourquoi les subventions vont-elles majoritairement \u00e0 ceux-l\u00e0 m\u00eame qui portent la plus lourde responsabilit\u00e9 dans la destruction des esp\u00e8ces vuln\u00e9rables et des \u00e9cosyst\u00e8mes marins&nbsp;? N\u2019est-il pas temps de changer le cours des choses&nbsp;?<\/p>\n\n\n\n<p>Une nouvelle \u00e9tude publi\u00e9e par <em>Nature Ecology &amp; Evolution <\/em>confirme le risque d\u2019extinction de plusieurs esp\u00e8ces de grands pr\u00e9dateurs, y compris des requins et des raies. Certes, ces esp\u00e8ces ont pour caract\u00e9ristiques communes d\u2019avoir une maturit\u00e9 sexuelle tardive et un taux de reproduction faible, ce qui ne les a jamais emp\u00each\u00e9es de tenir depuis toujours leur place dans les \u00e9cosyst\u00e8mes m\u00e9diterran\u00e9ens. Ce qui est en cause est donc \u00e0 chercher ailleurs, du c\u00f4t\u00e9 de la surp\u00eache de la part aussi bien des p\u00eacheurs professionnels que r\u00e9cr\u00e9atifs. Cette \u00e9tude r\u00e9v\u00e8le \u00e9galement que le pourcentage des stocks surexploit\u00e9s est sup\u00e9rieur en M\u00e9diterran\u00e9e par rapport \u00e0 l\u2019Atlantique Nord-est. Les 39 stocks \u00e9valu\u00e9s dans le cadre de l\u2019\u00e9tude affichent toutes des taux de capture qui indiquent la surexploitation. En raison de sa tr\u00e8s forte valeur commerciale, le merlu est traqu\u00e9 par les chalutiers de fonds et dans une moindre proportion par les palangriers, ce qui lui vaut de figurer en t\u00eate des esp\u00e8ces surp\u00each\u00e9es, avec des niveaux de capture 5 fois sup\u00e9rieurs \u00e0 ceux que l\u2019on pourrait qualifier de durables.<\/p>\n\n\n\n<p>Mais l\u2019impact du chalutage de fond, la technique la plus r\u00e9pandue en M\u00e9diterran\u00e9e, va au-del\u00e0 de la rar\u00e9faction du merlu. Au cours des trente derni\u00e8res ann\u00e9es, ce segment de flotte a connu une croissance exponentielle. Au fur et \u00e0 mesure du d\u00e9clin des stocks p\u00each\u00e9s, le chalutage s\u2019est fait plus profond, pour atteindre des nouveaux stocks \u00e0 forte valeur ajout\u00e9 comme les gambas, ce qui a cr\u00e9\u00e9 des dommages irr\u00e9versibles sur les fonds marins, un \u00e9cosyst\u00e8me particuli\u00e8rement fragile. Ces chalutiers font \u00e9galement des incursions r\u00e9guli\u00e8res dans la bande c\u00f4ti\u00e8re o\u00f9 ils entrent en conflit direct avec la petite p\u00eache.<\/p>\n\n\n\n<p>Les experts \u00e9valuent \u00e0 20 000 le nombre de tortues captur\u00e9es en 2014 par les chalutiers italiens, la plupart d\u2019entre elles \u00e9tant tu\u00e9es par noyade ou bless\u00e9es. Mais les d\u00e9g\u00e2ts ne s\u2019arr\u00eatent pas l\u00e0&nbsp;: Les chaluts train\u00e9s sur le fond ramassent ou d\u00e9truisent tout ce qu\u2019ils rencontrent&nbsp;: poissons mais aussi coraux, \u00e9ponges et autres esp\u00e8ces animales end\u00e9miques. Alors qu\u2019ils constituent la r\u00e9serve de mati\u00e8re organique des esp\u00e8ces inf\u00e9od\u00e9es aux fonds marins, les s\u00e9diments constamment retourn\u00e9s par les chaluts s\u2019appauvrissent, au point que certaines zones se transforment peu \u00e0 peu en d\u00e9serts sous-marins.<\/p>\n\n\n\n<p>Le chalutage est un mode de p\u00eache qui appauvrit notre mer et dont les co\u00fbts \u00e9nergiques sont non soutenables. Le JRC de l\u2019Union Europ\u00e9enne a ainsi calcul\u00e9 que pour les chalutiers de fond de 24 \u00e0 40 m\u00e8tres, le ratio entre capture et consommation de carburant \u00e9tait de 4,25&nbsp;: 4 258 litres de fuel (d\u00e9tax\u00e9) pour 1 000 kg de poisson&nbsp;! Ce chiffre est \u00e0 comparer avec la consommation d\u2019un senneur (filet utilis\u00e9 pour le thon, la sardine et l\u2019anchois) de taille \u00e9quivalente&nbsp;: 169 litres pour 1 000 kg (2). Pourtant, ce sont les chalutiers de fond qui b\u00e9n\u00e9ficient de la plus grande part des aides europ\u00e9ennes, qu\u2019il s\u2019agisse de subventions au carburant, \u00e0 la modernisation des bateaux ou encore au ch\u00f4mage des marins pour cause de fermeture d\u2019une p\u00eacherie en raison de la faiblesse du stock (une mesure qui n\u2019a jamais fait ses preuves en mati\u00e8re de restauration des stocks).<\/p>\n\n\n\n<p>L\u2019Union Europ\u00e9enne devrait mettre \u00e0 profit cette Journ\u00e9e mondiale des oc\u00e9ans pour reconsid\u00e9rer l\u2019utilisation qu\u2019elle fait de ses aides et l\u2019impact qu\u2019elles ont sur la d\u00e9gradation de la M\u00e9diterran\u00e9e.<\/p>\n\n\n\n<p><strong><em>Mare Nostrum<\/em><\/strong><strong> ne doit pas devenir <em>Mare Mortum<\/em>&nbsp;!<\/strong><\/p>\n\n\n\n<p>Images: MedReAct\/Francesco Cabras: <a href=\"https:\/\/tinyurl.com\/yc6j8zck\">https:\/\/tinyurl.com\/yc6j8zck<\/a><\/p>\n\n\n\n<p>--<\/p>\n\n\n\n<p>(1) An interview-based approach to assess sea turtle bycatch in Italian waters <a href=\"https:\/\/www.ncbi.nlm.nih.gov\/pmc\/articles\/PMC5408728\/\">https:\/\/www.ncbi.nlm.nih.gov\/pmc\/articles\/PMC5408728\/<\/a><\/p>\n\n\n\n<p>(2) <em>Scientific, Technical and Economic Committee for Fisheries (STECF)<\/em>&nbsp;; The 2016 Annual Economic Report on the EU Fishing Fleet (P. 159).<\/p>\n","protected":false},"featured_media":5086,"template":"","categories":[40],"tags":[39],"class_list":["post-4116","comunicati_stampa","type-comunicati_stampa","status-publish","has-post-thumbnail","hentry","category-fishing","tag-in-evidenza-en"],"acf":[],"yoast_head":"<!-- This site is optimized with the Yoast SEO plugin v26.9 - https:\/\/yoast.com\/product\/yoast-seo-wordpress\/ -->\n<title>JOURN\u00c9E MONDIALE DES OC\u00c9ANS: MARE NOSTRUM OU MARE MORTUM ? | MedReAct<\/title>\n<meta name=\"robots\" content=\"index, follow, max-snippet:-1, max-image-preview:large, max-video-preview:-1\" \/>\n<link rel=\"canonical\" href=\"https:\/\/medreact.org\/en\/press_releases\/journee-mondiale-des-oceans-mare-nostrum-ou-mare-mortum-pourquoi-leurope-ferme-t-elle-les-yeux-sur-la-destruction-de-la-mediterranee\/\" \/>\n<meta property=\"og:locale\" content=\"en_US\" \/>\n<meta property=\"og:type\" content=\"article\" \/>\n<meta property=\"og:title\" content=\"JOURN\u00c9E MONDIALE DES OC\u00c9ANS: MARE NOSTRUM OU MARE MORTUM ? | MedReAct\" \/>\n<meta property=\"og:description\" content=\"Grands pr\u00e9dateurs au bord de l\u2019extinction, stocks majoritairement en \u00e9tat de surexploitation chronique, des captures de merlu 5 fois sup\u00e9rieures aux limites durables, 20 000 tortues dans les filets des chalutiers en 2014, d\u00e9sertification des fonds marins, co\u00fbts \u00e9nerg\u00e9tiques non tenables\u2026 Tel est le paysage que laisse derri\u00e8re elle la p\u00eache industrielle, celle qui b\u00e9n\u00e9ficie [&hellip;]\" \/>\n<meta property=\"og:url\" content=\"https:\/\/medreact.org\/en\/press_releases\/journee-mondiale-des-oceans-mare-nostrum-ou-mare-mortum-pourquoi-leurope-ferme-t-elle-les-yeux-sur-la-destruction-de-la-mediterranee\/\" \/>\n<meta property=\"og:site_name\" content=\"MedReAct\" \/>\n<meta property=\"article:modified_time\" content=\"2023-01-02T14:30:06+00:00\" \/>\n<meta property=\"og:image\" content=\"https:\/\/medreact.org\/wp-content\/uploads\/MedReAct_oversfishing.jpg\" \/>\n\t<meta property=\"og:image:width\" content=\"1237\" \/>\n\t<meta property=\"og:image:height\" content=\"709\" \/>\n\t<meta property=\"og:image:type\" content=\"image\/jpeg\" \/>\n<meta name=\"twitter:card\" content=\"summary_large_image\" \/>\n<meta name=\"twitter:label1\" content=\"Est. reading time\" \/>\n\t<meta name=\"twitter:data1\" content=\"5 minutes\" \/>\n<script type=\"application\/ld+json\" class=\"yoast-schema-graph\">{\"@context\":\"https:\/\/schema.org\",\"@graph\":[{\"@type\":\"WebPage\",\"@id\":\"https:\/\/medreact.org\/en\/press_releases\/journee-mondiale-des-oceans-mare-nostrum-ou-mare-mortum-pourquoi-leurope-ferme-t-elle-les-yeux-sur-la-destruction-de-la-mediterranee\/\",\"url\":\"https:\/\/medreact.org\/en\/press_releases\/journee-mondiale-des-oceans-mare-nostrum-ou-mare-mortum-pourquoi-leurope-ferme-t-elle-les-yeux-sur-la-destruction-de-la-mediterranee\/\",\"name\":\"JOURN\u00c9E MONDIALE DES OC\u00c9ANS: MARE NOSTRUM OU MARE MORTUM ? | MedReAct\",\"isPartOf\":{\"@id\":\"https:\/\/medreact.org\/#website\"},\"primaryImageOfPage\":{\"@id\":\"https:\/\/medreact.org\/en\/press_releases\/journee-mondiale-des-oceans-mare-nostrum-ou-mare-mortum-pourquoi-leurope-ferme-t-elle-les-yeux-sur-la-destruction-de-la-mediterranee\/#primaryimage\"},\"image\":{\"@id\":\"https:\/\/medreact.org\/en\/press_releases\/journee-mondiale-des-oceans-mare-nostrum-ou-mare-mortum-pourquoi-leurope-ferme-t-elle-les-yeux-sur-la-destruction-de-la-mediterranee\/#primaryimage\"},\"thumbnailUrl\":\"https:\/\/medreact.org\/wp-content\/uploads\/MedReAct_oversfishing.jpg\",\"datePublished\":\"2017-06-07T09:01:00+00:00\",\"dateModified\":\"2023-01-02T14:30:06+00:00\",\"breadcrumb\":{\"@id\":\"https:\/\/medreact.org\/en\/press_releases\/journee-mondiale-des-oceans-mare-nostrum-ou-mare-mortum-pourquoi-leurope-ferme-t-elle-les-yeux-sur-la-destruction-de-la-mediterranee\/#breadcrumb\"},\"inLanguage\":\"en-US\",\"potentialAction\":[{\"@type\":\"ReadAction\",\"target\":[\"https:\/\/medreact.org\/en\/press_releases\/journee-mondiale-des-oceans-mare-nostrum-ou-mare-mortum-pourquoi-leurope-ferme-t-elle-les-yeux-sur-la-destruction-de-la-mediterranee\/\"]}]},{\"@type\":\"ImageObject\",\"inLanguage\":\"en-US\",\"@id\":\"https:\/\/medreact.org\/en\/press_releases\/journee-mondiale-des-oceans-mare-nostrum-ou-mare-mortum-pourquoi-leurope-ferme-t-elle-les-yeux-sur-la-destruction-de-la-mediterranee\/#primaryimage\",\"url\":\"https:\/\/medreact.org\/wp-content\/uploads\/MedReAct_oversfishing.jpg\",\"contentUrl\":\"https:\/\/medreact.org\/wp-content\/uploads\/MedReAct_oversfishing.jpg\",\"width\":1237,\"height\":709},{\"@type\":\"BreadcrumbList\",\"@id\":\"https:\/\/medreact.org\/en\/press_releases\/journee-mondiale-des-oceans-mare-nostrum-ou-mare-mortum-pourquoi-leurope-ferme-t-elle-les-yeux-sur-la-destruction-de-la-mediterranee\/#breadcrumb\",\"itemListElement\":[{\"@type\":\"ListItem\",\"position\":1,\"name\":\"Home\",\"item\":\"https:\/\/medreact.org\/en\/\"},{\"@type\":\"ListItem\",\"position\":2,\"name\":\"JOURN\u00c9E MONDIALE DES OC\u00c9ANS: MARE NOSTRUM OU MARE MORTUM ?\"}]},{\"@type\":\"WebSite\",\"@id\":\"https:\/\/medreact.org\/#website\",\"url\":\"https:\/\/medreact.org\/\",\"name\":\"MedReAct\",\"description\":\"Mediterranean Recovery Action\",\"publisher\":{\"@id\":\"https:\/\/medreact.org\/#organization\"},\"potentialAction\":[{\"@type\":\"SearchAction\",\"target\":{\"@type\":\"EntryPoint\",\"urlTemplate\":\"https:\/\/medreact.org\/?s={search_term_string}\"},\"query-input\":{\"@type\":\"PropertyValueSpecification\",\"valueRequired\":true,\"valueName\":\"search_term_string\"}}],\"inLanguage\":\"en-US\"},{\"@type\":\"Organization\",\"@id\":\"https:\/\/medreact.org\/#organization\",\"name\":\"MedReAct\",\"url\":\"https:\/\/medreact.org\/\",\"logo\":{\"@type\":\"ImageObject\",\"inLanguage\":\"en-US\",\"@id\":\"https:\/\/medreact.org\/#\/schema\/logo\/image\/\",\"url\":\"https:\/\/medreact.org\/wp-content\/uploads\/2022\/05\/Logo-colori-PNG.png\",\"contentUrl\":\"https:\/\/medreact.org\/wp-content\/uploads\/2022\/05\/Logo-colori-PNG.png\",\"width\":400,\"height\":291,\"caption\":\"MedReAct\"},\"image\":{\"@id\":\"https:\/\/medreact.org\/#\/schema\/logo\/image\/\"}}]}<\/script>\n<!-- \/ Yoast SEO plugin. -->","yoast_head_json":{"title":"JOURN\u00c9E MONDIALE DES OC\u00c9ANS: MARE NOSTRUM OU MARE MORTUM ? | MedReAct","robots":{"index":"index","follow":"follow","max-snippet":"max-snippet:-1","max-image-preview":"max-image-preview:large","max-video-preview":"max-video-preview:-1"},"canonical":"https:\/\/medreact.org\/en\/press_releases\/journee-mondiale-des-oceans-mare-nostrum-ou-mare-mortum-pourquoi-leurope-ferme-t-elle-les-yeux-sur-la-destruction-de-la-mediterranee\/","og_locale":"en_US","og_type":"article","og_title":"JOURN\u00c9E MONDIALE DES OC\u00c9ANS: MARE NOSTRUM OU MARE MORTUM ? | MedReAct","og_description":"Grands pr\u00e9dateurs au bord de l\u2019extinction, stocks majoritairement en \u00e9tat de surexploitation chronique, des captures de merlu 5 fois sup\u00e9rieures aux limites durables, 20 000 tortues dans les filets des chalutiers en 2014, d\u00e9sertification des fonds marins, co\u00fbts \u00e9nerg\u00e9tiques non tenables\u2026 Tel est le paysage que laisse derri\u00e8re elle la p\u00eache industrielle, celle qui b\u00e9n\u00e9ficie [&hellip;]","og_url":"https:\/\/medreact.org\/en\/press_releases\/journee-mondiale-des-oceans-mare-nostrum-ou-mare-mortum-pourquoi-leurope-ferme-t-elle-les-yeux-sur-la-destruction-de-la-mediterranee\/","og_site_name":"MedReAct","article_modified_time":"2023-01-02T14:30:06+00:00","og_image":[{"width":1237,"height":709,"url":"https:\/\/medreact.org\/wp-content\/uploads\/MedReAct_oversfishing.jpg","type":"image\/jpeg"}],"twitter_card":"summary_large_image","twitter_misc":{"Est. reading time":"5 minutes"},"schema":{"@context":"https:\/\/schema.org","@graph":[{"@type":"WebPage","@id":"https:\/\/medreact.org\/en\/press_releases\/journee-mondiale-des-oceans-mare-nostrum-ou-mare-mortum-pourquoi-leurope-ferme-t-elle-les-yeux-sur-la-destruction-de-la-mediterranee\/","url":"https:\/\/medreact.org\/en\/press_releases\/journee-mondiale-des-oceans-mare-nostrum-ou-mare-mortum-pourquoi-leurope-ferme-t-elle-les-yeux-sur-la-destruction-de-la-mediterranee\/","name":"JOURN\u00c9E MONDIALE DES OC\u00c9ANS: MARE NOSTRUM OU MARE MORTUM ? | MedReAct","isPartOf":{"@id":"https:\/\/medreact.org\/#website"},"primaryImageOfPage":{"@id":"https:\/\/medreact.org\/en\/press_releases\/journee-mondiale-des-oceans-mare-nostrum-ou-mare-mortum-pourquoi-leurope-ferme-t-elle-les-yeux-sur-la-destruction-de-la-mediterranee\/#primaryimage"},"image":{"@id":"https:\/\/medreact.org\/en\/press_releases\/journee-mondiale-des-oceans-mare-nostrum-ou-mare-mortum-pourquoi-leurope-ferme-t-elle-les-yeux-sur-la-destruction-de-la-mediterranee\/#primaryimage"},"thumbnailUrl":"https:\/\/medreact.org\/wp-content\/uploads\/MedReAct_oversfishing.jpg","datePublished":"2017-06-07T09:01:00+00:00","dateModified":"2023-01-02T14:30:06+00:00","breadcrumb":{"@id":"https:\/\/medreact.org\/en\/press_releases\/journee-mondiale-des-oceans-mare-nostrum-ou-mare-mortum-pourquoi-leurope-ferme-t-elle-les-yeux-sur-la-destruction-de-la-mediterranee\/#breadcrumb"},"inLanguage":"en-US","potentialAction":[{"@type":"ReadAction","target":["https:\/\/medreact.org\/en\/press_releases\/journee-mondiale-des-oceans-mare-nostrum-ou-mare-mortum-pourquoi-leurope-ferme-t-elle-les-yeux-sur-la-destruction-de-la-mediterranee\/"]}]},{"@type":"ImageObject","inLanguage":"en-US","@id":"https:\/\/medreact.org\/en\/press_releases\/journee-mondiale-des-oceans-mare-nostrum-ou-mare-mortum-pourquoi-leurope-ferme-t-elle-les-yeux-sur-la-destruction-de-la-mediterranee\/#primaryimage","url":"https:\/\/medreact.org\/wp-content\/uploads\/MedReAct_oversfishing.jpg","contentUrl":"https:\/\/medreact.org\/wp-content\/uploads\/MedReAct_oversfishing.jpg","width":1237,"height":709},{"@type":"BreadcrumbList","@id":"https:\/\/medreact.org\/en\/press_releases\/journee-mondiale-des-oceans-mare-nostrum-ou-mare-mortum-pourquoi-leurope-ferme-t-elle-les-yeux-sur-la-destruction-de-la-mediterranee\/#breadcrumb","itemListElement":[{"@type":"ListItem","position":1,"name":"Home","item":"https:\/\/medreact.org\/en\/"},{"@type":"ListItem","position":2,"name":"JOURN\u00c9E MONDIALE DES OC\u00c9ANS: MARE NOSTRUM OU MARE MORTUM ?"}]},{"@type":"WebSite","@id":"https:\/\/medreact.org\/#website","url":"https:\/\/medreact.org\/","name":"MedReAct","description":"Mediterranean Recovery Action","publisher":{"@id":"https:\/\/medreact.org\/#organization"},"potentialAction":[{"@type":"SearchAction","target":{"@type":"EntryPoint","urlTemplate":"https:\/\/medreact.org\/?s={search_term_string}"},"query-input":{"@type":"PropertyValueSpecification","valueRequired":true,"valueName":"search_term_string"}}],"inLanguage":"en-US"},{"@type":"Organization","@id":"https:\/\/medreact.org\/#organization","name":"MedReAct","url":"https:\/\/medreact.org\/","logo":{"@type":"ImageObject","inLanguage":"en-US","@id":"https:\/\/medreact.org\/#\/schema\/logo\/image\/","url":"https:\/\/medreact.org\/wp-content\/uploads\/2022\/05\/Logo-colori-PNG.png","contentUrl":"https:\/\/medreact.org\/wp-content\/uploads\/2022\/05\/Logo-colori-PNG.png","width":400,"height":291,"caption":"MedReAct"},"image":{"@id":"https:\/\/medreact.org\/#\/schema\/logo\/image\/"}}]}},"_links":{"self":[{"href":"https:\/\/medreact.org\/en\/wp-json\/wp\/v2\/comunicati_stampa\/4116","targetHints":{"allow":["GET"]}}],"collection":[{"href":"https:\/\/medreact.org\/en\/wp-json\/wp\/v2\/comunicati_stampa"}],"about":[{"href":"https:\/\/medreact.org\/en\/wp-json\/wp\/v2\/types\/comunicati_stampa"}],"wp:featuredmedia":[{"embeddable":true,"href":"https:\/\/medreact.org\/en\/wp-json\/wp\/v2\/media\/5086"}],"wp:attachment":[{"href":"https:\/\/medreact.org\/en\/wp-json\/wp\/v2\/media?parent=4116"}],"wp:term":[{"taxonomy":"category","embeddable":true,"href":"https:\/\/medreact.org\/en\/wp-json\/wp\/v2\/categories?post=4116"},{"taxonomy":"post_tag","embeddable":true,"href":"https:\/\/medreact.org\/en\/wp-json\/wp\/v2\/tags?post=4116"}],"curies":[{"name":"wp","href":"https:\/\/api.w.org\/{rel}","templated":true}]}}