{"id":1540,"date":"2022-09-26T10:34:06","date_gmt":"2022-09-26T08:34:06","guid":{"rendered":"https:\/\/medreact.org\/comunicati_stampa\/une-centaine-dong-europeennes-interpellent-le-gouvernement-francais-sur-la-sauvegarde-de-languille\/"},"modified":"2023-01-02T15:11:44","modified_gmt":"2023-01-02T14:11:44","slug":"une-centaine-dong-europeennes-interpellent-le-gouvernement-francais-sur-la-sauvegarde-de-languille","status":"publish","type":"comunicati_stampa","link":"https:\/\/medreact.org\/en\/press_releases\/une-centaine-dong-europeennes-interpellent-le-gouvernement-francais-sur-la-sauvegarde-de-languille\/","title":{"rendered":"UNE CENTAINE D\u2019ONG EUROP\u00c9ENNES INTERPELLENT LE GOUVERNEMENT FRAN\u00c7AIS SUR LA SAUVEGARDE DE L\u2019ANGUILLE"},"content":{"rendered":"\n<p><strong><strong><u>26 septembre 2022<\/u><\/strong> - <\/strong>Aujourd\u2019hui les ministres europ\u00e9ens des p\u00eaches vont \u00e9changer sur la situation du stock d\u2019anguille europ\u00e9enne lors du Conseil Agriculture P\u00eache \u00e0 Bruxelles. Parall\u00e8lement, des d\u00e9cisions importantes sont attendues en novembre pour le bassin m\u00e9diterran\u00e9en.<\/p>\n\n\n\n<p>L\u2019anguille a \u00e9t\u00e9 class\u00e9e comme \"<strong>en danger critique d'extinction<\/strong>\" par l'Union internationale pour la conservation de la nature (UICN) en 2008 et l\u2019avis scientifique du Conseil international pour l'exploration de la mer (CIEM) pr\u00e9conise l\u2019arr\u00eat total des captures sur tous les stades de vie de l\u2019esp\u00e8ce et dans tous les habitas (eaux douces et sal\u00e9es) et l\u2019\u00e9radication progressive des autres facteurs de mortalit\u00e9 li\u00e9s aux activit\u00e9s humaine.<\/p>\n\n\n\n<p>L\u2019Alliance europ\u00e9enne pour l\u2019anguille, une coalition regroupant une centaine d\u2019ONG environnementales, interpelle les ministres fran\u00e7ais de la mer d\u2019une part et de la transition \u00e9cologique d\u2019autre part concernant la situation plus que pr\u00e9occupante de la population d\u2019anguilles europ\u00e9ennes <strong>dont la biomasse recens\u00e9e ne repr\u00e9sente plus que 1 \u00e0 3% de la biomasse de r\u00e9f\u00e9rence<\/strong>. L\u2019alliance appelle la France \u00e0 soutenir deux mesures essentielles de transition dans le cadre d\u2019un plan pluriannuel de restauration de la population d\u2019anguilles en zone m\u00e9diterran\u00e9enne&nbsp;:<\/p>\n\n\n\n<ul class=\"wp-block-list\"><li>une fermeture de 6 mois par an au minimum des p\u00eacheries de civelles;<\/li><li>l\u2019exclusion de l\u2019anguille de liste des esp\u00e8ces autoris\u00e9es \u00e0 la p\u00eache r\u00e9cr\u00e9ative.<\/li><\/ul>\n\n\n\n<p>Quinze ans apr\u00e8s l'adoption au niveau europ\u00e9en du \u00ab&nbsp;r\u00e8glement anguille&nbsp;\u00bb<a id=\"_ftnref1\" href=\"#_ftn1\">[1]<\/a>, la population ne s'est pas reconstitu\u00e9e&nbsp;; tout au contraire elle a poursuivi son d\u00e9clin<a id=\"_ftnref2\" href=\"#_ftn2\">[2]<\/a>. Or, <strong>l\u2019anguille reste une cible pour les p\u00eaches commerciale et r\u00e9cr\u00e9ative<\/strong> dans la plupart des \u00c9tats membres de l'UE.<\/p>\n\n\n\n<p>Ces derni\u00e8res ann\u00e9es, les pays du bassin m\u00e9diterran\u00e9en, sous la gouvernance de la Commission g\u00e9n\u00e9rale des p\u00eache de M\u00e9diterran\u00e9e (CGPM), ont su proposer <strong>des approches progressistes et innovantes<\/strong> de la gestion de l'anguille europ\u00e9enne. Notamment, le fait que les mesures temporaires actuelles couvrent tous les habitats, y compris l'eau douce, est tr\u00e8s important. Le programme de recherche de la CGPM a permis de rassembler une masse importante de connaissances scientifiques et certaines mesures de grande envergure visant \u00e0 favoriser le r\u00e9tablissement de l'anguille sortiront des travaux de la session annuelle qui se tiendra \u00e0 Tirana en novembre.<\/p>\n\n\n\n<p>Nous demandons \u00e0 la France de <strong>soutenir un renforcement ambitieux<\/strong> des mesures transitoires en vigueur en M\u00e9diterran\u00e9e, comprenant <em>a minima<\/em> deux points essentiels&nbsp;:<\/p>\n\n\n\n<ul class=\"wp-block-list\"><li>une fermeture d\u2019au moins 6 mois de la p\u00eache \u00e0 la civelle;<\/li><li>l\u2019interdiction de la p\u00eache r\u00e9cr\u00e9ative de l\u2019anguille pour tous ses stades de vie.<\/li><\/ul>\n\n\n\n<p><\/p>\n\n\n\n<p><strong><u>D\u00e9clarations<\/u><\/strong><\/p>\n\n\n\n<p>\u00ab&nbsp;<em>Compte tenu de son statut critique \u00e9tabli par l\u2019UICN et de l'avis du CIEM, la poursuite du ciblage de l'anguille est devenu un non-sens inacceptable. Nous d\u00e9fendons l\u2019id\u00e9e que cet avis, conforme aux objectifs de la PCP (auxquels ont adh\u00e9r\u00e9 les \u00c9tats-membres), doit \u00eatre suivi et que <strong>toutes les p\u00eacheries d'anguilles devraient \u00eatre ferm\u00e9es jusqu'\u00e0 ce qu'une reconstitution de la population puisse \u00eatre document\u00e9e<\/strong>. Il nous appara\u00eet \u00e9galement n\u00e9cessaire de s'attaquer simultan\u00e9ment aux <strong>autres menaces anthropiques<\/strong> qui p\u00e8sent sur l'anguille europ\u00e9enne, telles que la perte et la d\u00e9gradation des habitats, la pollution de l'eau et les obstacles \u00e0 la migration <\/em>\u00bb r\u00e9sume <u>Claire Nouvian, directrice g\u00e9n\u00e9rale de l'association Bloom.<\/u><\/p>\n\n\n\n<p>\u00ab&nbsp;<em><strong>La France reste un acteur majeur<\/strong> sur cette p\u00eacherie<a id=\"_ftnref3\" href=\"#_ftn3\"><strong>[3]<\/strong><\/a>&nbsp;; elle domine nettement le march\u00e9 de la civelle avec 89% des d\u00e9barquements europ\u00e9ens. C\u2019est au nom de cette responsabilit\u00e9 qu\u2019elle doit davantage s\u2019engager sur les mesures de pr\u00e9servation et de restauration, notamment en adh\u00e9rant aux propositions actuellement en cours d\u2019\u00e9laboration \u00e0 la CGPM<\/em>&nbsp;\u00bb d\u00e9clare <u>Armelle Jung de l'association \"Des requins et des hommes\".<\/u>.<\/p>\n\n\n\n<p>Pour sa part, <u>Vittora Gnetti (MedReAct)<\/u> s\u2019adresse aux autorit\u00e9s fran\u00e7aises et europ\u00e9ennes&nbsp;: \u00ab&nbsp;<em>Nous demandons \u00e0 la France et \u00e0 l\u2019Union europ\u00e9enne de promouvoir la protection <strong>r\u00e9elle<\/strong> de l\u2019anguille en commen\u00e7ant par la M\u00e9diterran\u00e9e. Il est temps d\u2019agir et de le faire maintenant.&nbsp;<\/em>\u00bb.<\/p>\n\n\n\n<hr class=\"wp-block-separator has-alpha-channel-opacity\"\/>\n\n\n\n<p><a href=\"#_ftnref1\" id=\"_ftn1\">[1]<\/a> R\u00e8glement (CE) No&nbsp;1100\/2007&nbsp;du Conseil du 18 septembre 2007 instituant des mesures de reconstitution du stock d'anguilles europ\u00e9ennes.<\/p>\n\n\n\n<p><a href=\"#_ftnref2\" id=\"_ftn2\">[2]<\/a> Le recrutement de civelles (apport des nouvelles g\u00e9n\u00e9rations au stock existant) n\u2019est plus que de 0,6 \u00e0 5,4% (suivant les r\u00e9gions) de ce qu\u2019il \u00e9tait sur la p\u00e9riode de r\u00e9f\u00e9rence (1960-1979).<\/p>\n\n\n\n<p><a href=\"#_ftnref3\" id=\"_ftn3\">[3]<\/a> En 2019, elle a captur\u00e9 330 tonnes d\u2019anguilles adultes et 49 tonnes de civelles, les anguilles de moins de 4 cm.<\/p>\n","protected":false},"featured_media":1449,"template":"","categories":[52],"tags":[39],"class_list":["post-1540","comunicati_stampa","type-comunicati_stampa","status-publish","has-post-thumbnail","hentry","category-species","tag-in-evidenza-en"],"acf":[],"yoast_head":"<!-- This site is optimized with the Yoast SEO plugin v26.9 - https:\/\/yoast.com\/product\/yoast-seo-wordpress\/ -->\n<title>UNE CENTAINE D\u2019ONG EUROP\u00c9ENNES INTERPELLENT LE GOUVERNEMENT FRAN\u00c7AIS SUR LA SAUVEGARDE DE L\u2019ANGUILLE | MedReAct<\/title>\n<meta name=\"description\" content=\"Une centaine d\u2019ONG europ\u00e9ennes interpellent le gouvernement fran\u00e7ais sur la sauvegarde de l\u2019anguille.\" \/>\n<meta name=\"robots\" content=\"index, follow, max-snippet:-1, max-image-preview:large, max-video-preview:-1\" \/>\n<link rel=\"canonical\" href=\"https:\/\/medreact.org\/en\/press_releases\/une-centaine-dong-europeennes-interpellent-le-gouvernement-francais-sur-la-sauvegarde-de-languille\/\" \/>\n<meta property=\"og:locale\" content=\"en_US\" \/>\n<meta property=\"og:type\" content=\"article\" \/>\n<meta property=\"og:title\" content=\"UNE CENTAINE D\u2019ONG EUROP\u00c9ENNES INTERPELLENT LE GOUVERNEMENT FRAN\u00c7AIS SUR LA SAUVEGARDE DE L\u2019ANGUILLE | MedReAct\" \/>\n<meta property=\"og:description\" content=\"Une centaine d\u2019ONG europ\u00e9ennes interpellent le gouvernement fran\u00e7ais sur la sauvegarde de l\u2019anguille.\" \/>\n<meta property=\"og:url\" content=\"https:\/\/medreact.org\/en\/press_releases\/une-centaine-dong-europeennes-interpellent-le-gouvernement-francais-sur-la-sauvegarde-de-languille\/\" \/>\n<meta property=\"og:site_name\" content=\"MedReAct\" \/>\n<meta property=\"article:modified_time\" content=\"2023-01-02T14:11:44+00:00\" \/>\n<meta property=\"og:image\" content=\"https:\/\/medreact.org\/wp-content\/uploads\/Foto-Anguille-1-1.jpeg\" \/>\n\t<meta property=\"og:image:width\" content=\"1280\" \/>\n\t<meta property=\"og:image:height\" content=\"853\" \/>\n\t<meta property=\"og:image:type\" content=\"image\/jpeg\" \/>\n<meta name=\"twitter:card\" content=\"summary_large_image\" \/>\n<meta name=\"twitter:label1\" content=\"Est. reading time\" \/>\n\t<meta name=\"twitter:data1\" content=\"4 minutes\" \/>\n<script type=\"application\/ld+json\" class=\"yoast-schema-graph\">{\"@context\":\"https:\/\/schema.org\",\"@graph\":[{\"@type\":\"WebPage\",\"@id\":\"https:\/\/medreact.org\/en\/press_releases\/une-centaine-dong-europeennes-interpellent-le-gouvernement-francais-sur-la-sauvegarde-de-languille\/\",\"url\":\"https:\/\/medreact.org\/en\/press_releases\/une-centaine-dong-europeennes-interpellent-le-gouvernement-francais-sur-la-sauvegarde-de-languille\/\",\"name\":\"UNE CENTAINE D\u2019ONG EUROP\u00c9ENNES INTERPELLENT LE GOUVERNEMENT FRAN\u00c7AIS SUR LA SAUVEGARDE DE L\u2019ANGUILLE | MedReAct\",\"isPartOf\":{\"@id\":\"https:\/\/medreact.org\/#website\"},\"primaryImageOfPage\":{\"@id\":\"https:\/\/medreact.org\/en\/press_releases\/une-centaine-dong-europeennes-interpellent-le-gouvernement-francais-sur-la-sauvegarde-de-languille\/#primaryimage\"},\"image\":{\"@id\":\"https:\/\/medreact.org\/en\/press_releases\/une-centaine-dong-europeennes-interpellent-le-gouvernement-francais-sur-la-sauvegarde-de-languille\/#primaryimage\"},\"thumbnailUrl\":\"https:\/\/medreact.org\/wp-content\/uploads\/Foto-Anguille-1-1.jpeg\",\"datePublished\":\"2022-09-26T08:34:06+00:00\",\"dateModified\":\"2023-01-02T14:11:44+00:00\",\"description\":\"Une centaine d\u2019ONG europ\u00e9ennes interpellent le gouvernement fran\u00e7ais sur la sauvegarde de l\u2019anguille.\",\"breadcrumb\":{\"@id\":\"https:\/\/medreact.org\/en\/press_releases\/une-centaine-dong-europeennes-interpellent-le-gouvernement-francais-sur-la-sauvegarde-de-languille\/#breadcrumb\"},\"inLanguage\":\"en-US\",\"potentialAction\":[{\"@type\":\"ReadAction\",\"target\":[\"https:\/\/medreact.org\/en\/press_releases\/une-centaine-dong-europeennes-interpellent-le-gouvernement-francais-sur-la-sauvegarde-de-languille\/\"]}]},{\"@type\":\"ImageObject\",\"inLanguage\":\"en-US\",\"@id\":\"https:\/\/medreact.org\/en\/press_releases\/une-centaine-dong-europeennes-interpellent-le-gouvernement-francais-sur-la-sauvegarde-de-languille\/#primaryimage\",\"url\":\"https:\/\/medreact.org\/wp-content\/uploads\/Foto-Anguille-1-1.jpeg\",\"contentUrl\":\"https:\/\/medreact.org\/wp-content\/uploads\/Foto-Anguille-1-1.jpeg\",\"width\":1280,\"height\":853,\"caption\":\"Anguilla europea\"},{\"@type\":\"BreadcrumbList\",\"@id\":\"https:\/\/medreact.org\/en\/press_releases\/une-centaine-dong-europeennes-interpellent-le-gouvernement-francais-sur-la-sauvegarde-de-languille\/#breadcrumb\",\"itemListElement\":[{\"@type\":\"ListItem\",\"position\":1,\"name\":\"Home\",\"item\":\"https:\/\/medreact.org\/en\/\"},{\"@type\":\"ListItem\",\"position\":2,\"name\":\"UNE CENTAINE D\u2019ONG EUROP\u00c9ENNES INTERPELLENT LE GOUVERNEMENT FRAN\u00c7AIS SUR LA SAUVEGARDE DE L\u2019ANGUILLE\"}]},{\"@type\":\"WebSite\",\"@id\":\"https:\/\/medreact.org\/#website\",\"url\":\"https:\/\/medreact.org\/\",\"name\":\"MedReAct\",\"description\":\"Mediterranean Recovery Action\",\"publisher\":{\"@id\":\"https:\/\/medreact.org\/#organization\"},\"potentialAction\":[{\"@type\":\"SearchAction\",\"target\":{\"@type\":\"EntryPoint\",\"urlTemplate\":\"https:\/\/medreact.org\/?s={search_term_string}\"},\"query-input\":{\"@type\":\"PropertyValueSpecification\",\"valueRequired\":true,\"valueName\":\"search_term_string\"}}],\"inLanguage\":\"en-US\"},{\"@type\":\"Organization\",\"@id\":\"https:\/\/medreact.org\/#organization\",\"name\":\"MedReAct\",\"url\":\"https:\/\/medreact.org\/\",\"logo\":{\"@type\":\"ImageObject\",\"inLanguage\":\"en-US\",\"@id\":\"https:\/\/medreact.org\/#\/schema\/logo\/image\/\",\"url\":\"https:\/\/medreact.org\/wp-content\/uploads\/2022\/05\/Logo-colori-PNG.png\",\"contentUrl\":\"https:\/\/medreact.org\/wp-content\/uploads\/2022\/05\/Logo-colori-PNG.png\",\"width\":400,\"height\":291,\"caption\":\"MedReAct\"},\"image\":{\"@id\":\"https:\/\/medreact.org\/#\/schema\/logo\/image\/\"}}]}<\/script>\n<!-- \/ Yoast SEO plugin. -->","yoast_head_json":{"title":"UNE CENTAINE D\u2019ONG EUROP\u00c9ENNES INTERPELLENT LE GOUVERNEMENT FRAN\u00c7AIS SUR LA SAUVEGARDE DE L\u2019ANGUILLE | MedReAct","description":"Une centaine d\u2019ONG europ\u00e9ennes interpellent le gouvernement fran\u00e7ais sur la sauvegarde de l\u2019anguille.","robots":{"index":"index","follow":"follow","max-snippet":"max-snippet:-1","max-image-preview":"max-image-preview:large","max-video-preview":"max-video-preview:-1"},"canonical":"https:\/\/medreact.org\/en\/press_releases\/une-centaine-dong-europeennes-interpellent-le-gouvernement-francais-sur-la-sauvegarde-de-languille\/","og_locale":"en_US","og_type":"article","og_title":"UNE CENTAINE D\u2019ONG EUROP\u00c9ENNES INTERPELLENT LE GOUVERNEMENT FRAN\u00c7AIS SUR LA SAUVEGARDE DE L\u2019ANGUILLE | MedReAct","og_description":"Une centaine d\u2019ONG europ\u00e9ennes interpellent le gouvernement fran\u00e7ais sur la sauvegarde de l\u2019anguille.","og_url":"https:\/\/medreact.org\/en\/press_releases\/une-centaine-dong-europeennes-interpellent-le-gouvernement-francais-sur-la-sauvegarde-de-languille\/","og_site_name":"MedReAct","article_modified_time":"2023-01-02T14:11:44+00:00","og_image":[{"width":1280,"height":853,"url":"https:\/\/medreact.org\/wp-content\/uploads\/Foto-Anguille-1-1.jpeg","type":"image\/jpeg"}],"twitter_card":"summary_large_image","twitter_misc":{"Est. reading time":"4 minutes"},"schema":{"@context":"https:\/\/schema.org","@graph":[{"@type":"WebPage","@id":"https:\/\/medreact.org\/en\/press_releases\/une-centaine-dong-europeennes-interpellent-le-gouvernement-francais-sur-la-sauvegarde-de-languille\/","url":"https:\/\/medreact.org\/en\/press_releases\/une-centaine-dong-europeennes-interpellent-le-gouvernement-francais-sur-la-sauvegarde-de-languille\/","name":"UNE CENTAINE D\u2019ONG EUROP\u00c9ENNES INTERPELLENT LE GOUVERNEMENT FRAN\u00c7AIS SUR LA SAUVEGARDE DE L\u2019ANGUILLE | MedReAct","isPartOf":{"@id":"https:\/\/medreact.org\/#website"},"primaryImageOfPage":{"@id":"https:\/\/medreact.org\/en\/press_releases\/une-centaine-dong-europeennes-interpellent-le-gouvernement-francais-sur-la-sauvegarde-de-languille\/#primaryimage"},"image":{"@id":"https:\/\/medreact.org\/en\/press_releases\/une-centaine-dong-europeennes-interpellent-le-gouvernement-francais-sur-la-sauvegarde-de-languille\/#primaryimage"},"thumbnailUrl":"https:\/\/medreact.org\/wp-content\/uploads\/Foto-Anguille-1-1.jpeg","datePublished":"2022-09-26T08:34:06+00:00","dateModified":"2023-01-02T14:11:44+00:00","description":"Une centaine d\u2019ONG europ\u00e9ennes interpellent le gouvernement fran\u00e7ais sur la sauvegarde de l\u2019anguille.","breadcrumb":{"@id":"https:\/\/medreact.org\/en\/press_releases\/une-centaine-dong-europeennes-interpellent-le-gouvernement-francais-sur-la-sauvegarde-de-languille\/#breadcrumb"},"inLanguage":"en-US","potentialAction":[{"@type":"ReadAction","target":["https:\/\/medreact.org\/en\/press_releases\/une-centaine-dong-europeennes-interpellent-le-gouvernement-francais-sur-la-sauvegarde-de-languille\/"]}]},{"@type":"ImageObject","inLanguage":"en-US","@id":"https:\/\/medreact.org\/en\/press_releases\/une-centaine-dong-europeennes-interpellent-le-gouvernement-francais-sur-la-sauvegarde-de-languille\/#primaryimage","url":"https:\/\/medreact.org\/wp-content\/uploads\/Foto-Anguille-1-1.jpeg","contentUrl":"https:\/\/medreact.org\/wp-content\/uploads\/Foto-Anguille-1-1.jpeg","width":1280,"height":853,"caption":"Anguilla europea"},{"@type":"BreadcrumbList","@id":"https:\/\/medreact.org\/en\/press_releases\/une-centaine-dong-europeennes-interpellent-le-gouvernement-francais-sur-la-sauvegarde-de-languille\/#breadcrumb","itemListElement":[{"@type":"ListItem","position":1,"name":"Home","item":"https:\/\/medreact.org\/en\/"},{"@type":"ListItem","position":2,"name":"UNE CENTAINE D\u2019ONG EUROP\u00c9ENNES INTERPELLENT LE GOUVERNEMENT FRAN\u00c7AIS SUR LA SAUVEGARDE DE L\u2019ANGUILLE"}]},{"@type":"WebSite","@id":"https:\/\/medreact.org\/#website","url":"https:\/\/medreact.org\/","name":"MedReAct","description":"Mediterranean Recovery Action","publisher":{"@id":"https:\/\/medreact.org\/#organization"},"potentialAction":[{"@type":"SearchAction","target":{"@type":"EntryPoint","urlTemplate":"https:\/\/medreact.org\/?s={search_term_string}"},"query-input":{"@type":"PropertyValueSpecification","valueRequired":true,"valueName":"search_term_string"}}],"inLanguage":"en-US"},{"@type":"Organization","@id":"https:\/\/medreact.org\/#organization","name":"MedReAct","url":"https:\/\/medreact.org\/","logo":{"@type":"ImageObject","inLanguage":"en-US","@id":"https:\/\/medreact.org\/#\/schema\/logo\/image\/","url":"https:\/\/medreact.org\/wp-content\/uploads\/2022\/05\/Logo-colori-PNG.png","contentUrl":"https:\/\/medreact.org\/wp-content\/uploads\/2022\/05\/Logo-colori-PNG.png","width":400,"height":291,"caption":"MedReAct"},"image":{"@id":"https:\/\/medreact.org\/#\/schema\/logo\/image\/"}}]}},"_links":{"self":[{"href":"https:\/\/medreact.org\/en\/wp-json\/wp\/v2\/comunicati_stampa\/1540","targetHints":{"allow":["GET"]}}],"collection":[{"href":"https:\/\/medreact.org\/en\/wp-json\/wp\/v2\/comunicati_stampa"}],"about":[{"href":"https:\/\/medreact.org\/en\/wp-json\/wp\/v2\/types\/comunicati_stampa"}],"wp:featuredmedia":[{"embeddable":true,"href":"https:\/\/medreact.org\/en\/wp-json\/wp\/v2\/media\/1449"}],"wp:attachment":[{"href":"https:\/\/medreact.org\/en\/wp-json\/wp\/v2\/media?parent=1540"}],"wp:term":[{"taxonomy":"category","embeddable":true,"href":"https:\/\/medreact.org\/en\/wp-json\/wp\/v2\/categories?post=1540"},{"taxonomy":"post_tag","embeddable":true,"href":"https:\/\/medreact.org\/en\/wp-json\/wp\/v2\/tags?post=1540"}],"curies":[{"name":"wp","href":"https:\/\/api.w.org\/{rel}","templated":true}]}}