{"version":"1.0","provider_name":"MedReAct","provider_url":"https:\/\/medreact.org\/en\/","author_name":"Luca Cardinali","author_url":"https:\/\/medreact.org\/en\/author\/luca\/","title":"8 JULIO: D\u00cdA INTERNACIONAL DEL MEDITERR\u00c1NEO\u00a0 | MedReAct","type":"rich","width":600,"height":338,"html":"<blockquote class=\"wp-embedded-content\" data-secret=\"aZUw65ibfM\"><a href=\"https:\/\/medreact.org\/en\/press_releases\/8-julio-dia-internacional-del-mediterraneo\/\">8 JULIO: D\u00cdA INTERNACIONAL DEL MEDITERR\u00c1NEO\u00a0<\/a><\/blockquote><iframe sandbox=\"allow-scripts\" security=\"restricted\" src=\"https:\/\/medreact.org\/en\/press_releases\/8-julio-dia-internacional-del-mediterraneo\/embed\/#?secret=aZUw65ibfM\" width=\"600\" height=\"338\" title=\"&#8220;8 JULIO: D\u00cdA INTERNACIONAL DEL MEDITERR\u00c1NEO\u00a0&#8221; &#8212; MedReAct\" data-secret=\"aZUw65ibfM\" frameborder=\"0\" marginwidth=\"0\" marginheight=\"0\" scrolling=\"no\" class=\"wp-embedded-content\"><\/iframe><script type=\"text\/javascript\">\n\/* <![CDATA[ *\/\n\/*! This file is auto-generated *\/\n!function(d,l){\"use strict\";l.querySelector&&d.addEventListener&&\"undefined\"!=typeof URL&&(d.wp=d.wp||{},d.wp.receiveEmbedMessage||(d.wp.receiveEmbedMessage=function(e){var t=e.data;if((t||t.secret||t.message||t.value)&&!\/[^a-zA-Z0-9]\/.test(t.secret)){for(var s,r,n,a=l.querySelectorAll('iframe[data-secret=\"'+t.secret+'\"]'),o=l.querySelectorAll('blockquote[data-secret=\"'+t.secret+'\"]'),c=new RegExp(\"^https?:$\",\"i\"),i=0;i<o.length;i++)o[i].style.display=\"none\";for(i=0;i<a.length;i++)s=a[i],e.source===s.contentWindow&&(s.removeAttribute(\"style\"),\"height\"===t.message?(1e3<(r=parseInt(t.value,10))?r=1e3:~~r<200&&(r=200),s.height=r):\"link\"===t.message&&(r=new URL(s.getAttribute(\"src\")),n=new URL(t.value),c.test(n.protocol))&&n.host===r.host&&l.activeElement===s&&(d.top.location.href=t.value))}},d.addEventListener(\"message\",d.wp.receiveEmbedMessage,!1),l.addEventListener(\"DOMContentLoaded\",function(){for(var e,t,s=l.querySelectorAll(\"iframe.wp-embedded-content\"),r=0;r<s.length;r++)(t=(e=s[r]).getAttribute(\"data-secret\"))||(t=Math.random().toString(36).substring(2,12),e.src+=\"#?secret=\"+t,e.setAttribute(\"data-secret\",t)),e.contentWindow.postMessage({message:\"ready\",secret:t},\"*\")},!1)))}(window,document);\n\/\/# sourceURL=https:\/\/medreact.org\/wp-includes\/js\/wp-embed.min.js\n\/* ]]> *\/\n<\/script>\n","thumbnail_url":"https:\/\/medreact.org\/wp-content\/uploads\/Photo_Jabuka_Pomo_11.jpeg","thumbnail_width":1600,"thumbnail_height":1031,"description":"Madrid, 4 de julio de 2024. En 2017, gracias a la audaz iniciativa de MedReAct, la fosa de Jabuka\/Pomo fue designada por la Comisi\u00f3n General de Pesca para el Mediterr\u00e1neo (CGPM) como Zona de Restricci\u00f3n de Pesca (FRA, por sus siglas en ingl\u00e9s). Este enfoque innovador consisti\u00f3 en crear una gran zona central con prohibici\u00f3n [&hellip;]"}